{"version":"1.0","provider_name":"Prestige Magazine","provider_url":"https:\/\/www.prestigemag.co\/fr\/","title":"Grande Inauguration de l\u2019Expo entre Duomo et Silos - Prestige Magazine","type":"rich","width":600,"height":338,"html":"<blockquote class=\"wp-embedded-content\"><a href=\"https:\/\/www.prestigemag.co\/fr\/2015\/06\/grande-inauguration-de-lexpo-entre-duomo-et-silos\/\">Grande Inauguration de l\u2019Expo entre Duomo et Silos<\/a><\/blockquote>\n<script type='text\/javascript'>\n<!--\/\/--><![CDATA[\/\/><!--\n\t\t\/*! This file is auto-generated *\/\n\t\t!function(d,l){\"use strict\";var e=!1,n=!1;if(l.querySelector)if(d.addEventListener)e=!0;if(d.wp=d.wp||{},!d.wp.receiveEmbedMessage)if(d.wp.receiveEmbedMessage=function(e){var t=e.data;if(t)if(t.secret||t.message||t.value)if(!\/[^a-zA-Z0-9]\/.test(t.secret)){for(var r,i,a,s=l.querySelectorAll('iframe[data-secret=\"'+t.secret+'\"]'),n=l.querySelectorAll('blockquote[data-secret=\"'+t.secret+'\"]'),o=new RegExp(\"^https?:$\",\"i\"),c=0;c<n.length;c++)n[c].style.display=\"none\";for(c=0;c<s.length;c++)if(r=s[c],e.source===r.contentWindow){if(r.removeAttribute(\"style\"),\"height\"===t.message){if(1e3<(a=parseInt(t.value,10)))a=1e3;else if(~~a<200)a=200;r.height=a}if(\"link\"===t.message)if(i=l.createElement(\"a\"),a=l.createElement(\"a\"),i.href=r.getAttribute(\"src\"),a.href=t.value,o.test(a.protocol))if(a.host===i.host)if(l.activeElement===r)d.top.location.href=t.value}}},e)d.addEventListener(\"message\",d.wp.receiveEmbedMessage,!1),l.addEventListener(\"DOMContentLoaded\",t,!1),d.addEventListener(\"load\",t,!1);function t(){if(!n){n=!0;for(var e,t,r=-1!==navigator.appVersion.indexOf(\"MSIE 10\"),i=!!navigator.userAgent.match(\/Trident.*rv:11\\.\/),a=l.querySelectorAll(\"iframe.wp-embedded-content\"),s=0;s<a.length;s++){if(!(e=a[s]).getAttribute(\"data-secret\"))t=Math.random().toString(36).substr(2,10),e.src+=\"#?secret=\"+t,e.setAttribute(\"data-secret\",t);if(r||i)(t=e.cloneNode(!0)).removeAttribute(\"security\"),e.parentNode.replaceChild(t,e)}}}}(window,document);\n\/\/--><!]]>\n<\/script><iframe sandbox=\"allow-scripts\" security=\"restricted\" src=\"https:\/\/www.prestigemag.co\/fr\/2015\/06\/grande-inauguration-de-lexpo-entre-duomo-et-silos\/embed\/\" width=\"600\" height=\"338\" title=\"\u00ab\u00a0Grande Inauguration de l\u2019Expo entre Duomo et Silos\u00a0\u00bb &#8212; Prestige Magazine\" frameborder=\"0\" marginwidth=\"0\" marginheight=\"0\" scrolling=\"no\" class=\"wp-embedded-content\"><\/iframe>","description":"Prestige N 263, Juin 2015Cette ann\u00e9e, le premier mai en Italie et surtout \u00e0 Milan \u00e9tait tr\u00e8s attendu et pour cause: enfin la fameuse Expo Universelle centr\u00e9e sur le th\u00e8me \u00abNourrir la plan\u00e8te, \u00e9nergie pour la vie\u00bb, qui durera jusqu\u2019au 31 octobre, allait ouvrir ses portes. Et ce, en d\u00e9pit de pol\u00e9miques, d\u2019arr\u00eats de travaux dus \u00e0 des infiltrations mafieuses, etc. Qu\u2019importe si les 50 pavillons s\u2019\u00e9talant sur 1,000,000.00 de m2,","thumbnail_url":"http:\/\/www.prestigemag.co\/wp-content\/uploads\/2015\/06\/expo-universelle.jpg"}